{"id":29985,"date":"2026-05-01T06:03:24","date_gmt":"2026-05-01T06:03:24","guid":{"rendered":"https:\/\/erbaasafran.com\/?post_type=product&#038;p=29985"},"modified":"2026-05-02T08:56:47","modified_gmt":"2026-05-02T08:56:47","slug":"super-negin-gercek-safran","status":"publish","type":"product","link":"https:\/\/erbaasafran.com\/en\/product\/super-negin-gercek-safran\/","title":{"rendered":"Premium S\u00fcper Negin Ger\u00e7ek Safran Baharat\u0131"},"content":{"rendered":"<div data-elementor-type=\"wp-post\" data-elementor-id=\"29985\" class=\"elementor elementor-29985\">\n\t\t\t\t<div class=\"wd-negative-gap elementor-element elementor-element-a2c7971 e-flex e-con-boxed e-con e-parent\" data-id=\"a2c7971\" data-element_type=\"container\" data-e-type=\"container\">\n\t\t\t\t\t<div class=\"e-con-inner\">\n\t\t<div class=\"elementor-element elementor-element-506fea0 e-con-full e-flex e-con e-child\" data-id=\"506fea0\" data-element_type=\"container\" data-e-type=\"container\">\n\t\t\t\t<div class=\"elementor-element elementor-element-592aef6 elementor-widget elementor-widget-heading\" data-id=\"592aef6\" data-element_type=\"widget\" data-e-type=\"widget\" data-widget_type=\"heading.default\">\n\t\t\t\t\t<h2 class=\"elementor-heading-title elementor-size-default\">\u00dcr\u00fcn Nitelikleri<\/h2>\t\t\t\t<\/div>\n\t\t\t\t<div class=\"elementor-element elementor-element-7462492 elementor-widget elementor-widget-wd_text_block\" data-id=\"7462492\" data-element_type=\"widget\" data-e-type=\"widget\" data-widget_type=\"wd_text_block.default\">\n\t\t\t\t<div class=\"elementor-widget-container\">\n\t\t\t\t\t\t\t<div class=\"wd-text-block reset-last-child text-left\">\n\t\t\t\n\t\t\t<table data-path-to-node=\"3\">\n<thead>\n<tr>\n<td><strong>\u00d6zellik<\/strong><\/td>\n<td><strong>Detay<\/strong><\/td>\n<\/tr>\n<\/thead>\n<tbody>\n<tr>\n<td><span data-path-to-node=\"3,1,0,0\"><b data-path-to-node=\"3,1,0,0\" data-index-in-node=\"0\">\u00dcr\u00fcn Ad\u0131<\/b><\/span><\/td>\n<td><span data-path-to-node=\"3,1,1,0\">Premium S\u00fcper Negin Ger\u00e7ek Safran Baharat\u0131<\/span><\/td>\n<\/tr>\n<tr>\n<td><span data-path-to-node=\"3,2,0,0\"><b data-path-to-node=\"3,2,0,0\" data-index-in-node=\"0\">Botanik T\u00fcr\u00fc \/ Varyete<\/b><\/span><\/td>\n<td><span data-path-to-node=\"3,2,1,0\"><i data-path-to-node=\"3,2,1,0\" data-index-in-node=\"0\">Crocus Sativus L.<\/i> \/ Karaarslan K\u00fclt\u00fcvar\u0131<\/span><\/td>\n<\/tr>\n<tr>\n<td><span data-path-to-node=\"3,3,0,0\"><b data-path-to-node=\"3,3,0,0\" data-index-in-node=\"0\">\u00dcretim Yeri \/ Teruar<\/b><\/span><\/td>\n<td><span data-path-to-node=\"3,3,1,0\">Erbaa, Tokat \/ T\u00fcrkiye<\/span><\/td>\n<\/tr>\n<tr>\n<td><span data-path-to-node=\"3,4,0,0\"><b data-path-to-node=\"3,4,0,0\" data-index-in-node=\"0\">Hasat Y\u0131l\u0131<\/b><\/span><\/td>\n<td><span data-path-to-node=\"3,4,1,0\">2025 Sonbahar (G\u00fcncel Hasat)<\/span><\/td>\n<\/tr>\n<tr>\n<td><span data-path-to-node=\"3,5,0,0\"><b data-path-to-node=\"3,5,0,0\" data-index-in-node=\"0\">Kalite ve \u0130\u015flenme S\u0131n\u0131f\u0131<\/b><\/span><\/td>\n<td><span data-path-to-node=\"3,5,1,0\">1. S\u0131n\u0131f S\u00fcper Negin (S\u0131f\u0131r k\u00f6k, %100 k\u0131rm\u0131z\u0131 tepecik\/stigma)<\/span><\/td>\n<\/tr>\n<tr>\n<td><span data-path-to-node=\"3,7,0,0\"><b data-path-to-node=\"3,7,0,0\" data-index-in-node=\"0\">Kimyasal De\u011ferler<\/b><\/span><\/td>\n<td><span data-path-to-node=\"3,7,1,0\">Krosin: 230+ | Safranal: 35+ | Pikrokrosin: 85+<\/span><\/td>\n<\/tr>\n<tr>\n<td><span data-path-to-node=\"3,8,0,0\"><b data-path-to-node=\"3,8,0,0\" data-index-in-node=\"0\">\u0130\u00e7indekiler \/ Safl\u0131k<\/b><\/span><\/td>\n<td><span data-path-to-node=\"3,8,1,0\">%100 Do\u011fal Safran (Hi\u00e7bir koruyucu, yapay renklendirici veya dolgu maddesi i\u00e7ermez)<\/span><\/td>\n<\/tr>\n<tr>\n<td><span data-path-to-node=\"3,9,0,0\"><b data-path-to-node=\"3,9,0,0\" data-index-in-node=\"0\">Tar\u0131msal \u00dcretim Modeli<\/b><\/span><\/td>\n<td><span data-path-to-node=\"3,9,1,0\">Zirai \u0130la\u00e7s\u0131z Do\u011fal \u00dcretim<\/span><\/td>\n<\/tr>\n<tr>\n<td><span data-path-to-node=\"3,10,0,0\"><b data-path-to-node=\"3,10,0,0\" data-index-in-node=\"0\">Kurutma Y\u00f6ntemi<\/b><\/span><\/td>\n<td><span data-path-to-node=\"3,10,1,0\">Kapal\u0131 Sistem F\u0131r\u0131nlama \/ Kontroll\u00fc Dehidrasyon<\/span><\/td>\n<\/tr>\n<tr>\n<td><span data-path-to-node=\"3,11,0,0\"><b data-path-to-node=\"3,11,0,0\" data-index-in-node=\"0\">Maksimum Nem Oran\u0131<\/b><\/span><\/td>\n<td><span data-path-to-node=\"3,11,1,0\">%10 - %12<\/span><\/td>\n<\/tr>\n<tr>\n<td><span data-path-to-node=\"3,12,0,0\"><b data-path-to-node=\"3,12,0,0\" data-index-in-node=\"0\">Ambalaj Tipi<\/b><\/span><\/td>\n<td><span data-path-to-node=\"3,12,1,0\">Mantar t\u0131pal\u0131 cam \u015fi\u015fe ve emniyet bantl\u0131 cam kavanoz \/ \u015eok emici koruyucu d\u0131\u015f ambalaj<\/span><\/td>\n<\/tr>\n<tr>\n<td><span data-path-to-node=\"3,13,0,0\"><b data-path-to-node=\"3,13,0,0\" data-index-in-node=\"0\">Mevcut Gramaj Varyasyonlar\u0131<\/b><\/span><\/td>\n<td><span data-path-to-node=\"3,13,1,0\">0,5gr | 1gr | 2gr | 5gr<\/span><\/td>\n<\/tr>\n<tr>\n<td><span data-path-to-node=\"3,14,0,0\"><b data-path-to-node=\"3,14,0,0\" data-index-in-node=\"0\">T\u00fcketim Kapasitesi<\/b><\/span><\/td>\n<td><span data-path-to-node=\"3,14,1,0\">1 gram safran ile ortalama 80-100 porsiyon kullan\u0131m<\/span><\/td>\n<\/tr>\n<tr>\n<td><span data-path-to-node=\"3,15,0,0\"><b data-path-to-node=\"3,15,0,0\" data-index-in-node=\"0\">Raf \u00d6mr\u00fc<\/b><\/span><\/td>\n<td><span data-path-to-node=\"3,15,1,0\">Hasat tarihinden itibaren uygun ko\u015fullarda 2-3 Y\u0131l<\/span><\/td>\n<\/tr>\n<tr>\n<td><span data-path-to-node=\"3,16,0,0\"><b data-path-to-node=\"3,16,0,0\" data-index-in-node=\"0\">\u0130deal Saklama Ko\u015fullar\u0131<\/b><\/span><\/td>\n<td><span data-path-to-node=\"3,16,1,0\">Do\u011frudan g\u00fcne\u015f almayan, nemsiz, serin ve kuru mutfak dolab\u0131 (Buzdolab\u0131na konulmamal\u0131d\u0131r)<\/span><\/td>\n<\/tr>\n<tr>\n<td><span data-path-to-node=\"3,17,0,0\"><b data-path-to-node=\"3,17,0,0\" data-index-in-node=\"0\">Minimum Sipari\u015f Adedi (MOQ)<\/b><\/span><\/td>\n<td><span data-path-to-node=\"3,17,1,0\">1 Adet<\/span><\/td>\n<\/tr>\n<tr>\n<td><span data-path-to-node=\"3,18,0,0\"><b data-path-to-node=\"3,18,0,0\" data-index-in-node=\"0\">Maksimum Sipari\u015f Adedi<\/b><\/span><\/td>\n<td><span data-path-to-node=\"3,18,1,0\">Bireysel al\u0131\u015fveri\u015flerde 20 adet (Stok a\u015f\u0131m\u0131 ve kurumsal B2B toptan al\u0131m talepleriniz i\u00e7in l\u00fctfen ileti\u015fime ge\u00e7iniz)<\/span><\/td>\n<\/tr>\n<\/tbody>\n<\/table>\n\n\t\t\t\t\t<\/div>\n\t\t\t\t\t\t<\/div>\n\t\t\t\t<\/div>\n\t\t\t\t<\/div>\n\t\t<div class=\"elementor-element elementor-element-8b33d7b e-con-full e-flex e-con e-child\" data-id=\"8b33d7b\" data-element_type=\"container\" data-e-type=\"container\">\n\t\t\t\t<div class=\"elementor-element elementor-element-c28896c elementor-widget elementor-widget-heading\" data-id=\"c28896c\" data-element_type=\"widget\" data-e-type=\"widget\" data-widget_type=\"heading.default\">\n\t\t\t\t\t<h2 class=\"elementor-heading-title elementor-size-default\">Safran ile ilgili merak ettikleriniz<\/h2>\t\t\t\t<\/div>\n\t\t\t\t<div class=\"elementor-element elementor-element-19abd29 elementor-widget elementor-widget-heading\" data-id=\"19abd29\" data-element_type=\"widget\" data-e-type=\"widget\" data-widget_type=\"heading.default\">\n\t\t\t\t\t<h2 class=\"elementor-heading-title elementor-size-default\">S\u0131k\u00e7a Sorulan Sorular<\/h2>\t\t\t\t<\/div>\n\t\t\t\t<div class=\"elementor-element elementor-element-a602836 e-transform elementor-widget elementor-widget-wd_accordion\" data-id=\"a602836\" data-element_type=\"widget\" data-e-type=\"widget\" data-settings=\"{&quot;_transform_translateY_effect_hover&quot;:{&quot;unit&quot;:&quot;px&quot;,&quot;size&quot;:-5,&quot;sizes&quot;:[]},&quot;_transform_translateX_effect_hover&quot;:{&quot;unit&quot;:&quot;px&quot;,&quot;size&quot;:&quot;&quot;,&quot;sizes&quot;:[]},&quot;_transform_translateX_effect_hover_tablet&quot;:{&quot;unit&quot;:&quot;px&quot;,&quot;size&quot;:&quot;&quot;,&quot;sizes&quot;:[]},&quot;_transform_translateX_effect_hover_mobile&quot;:{&quot;unit&quot;:&quot;px&quot;,&quot;size&quot;:&quot;&quot;,&quot;sizes&quot;:[]},&quot;_transform_translateY_effect_hover_tablet&quot;:{&quot;unit&quot;:&quot;px&quot;,&quot;size&quot;:&quot;&quot;,&quot;sizes&quot;:[]},&quot;_transform_translateY_effect_hover_mobile&quot;:{&quot;unit&quot;:&quot;px&quot;,&quot;size&quot;:&quot;&quot;,&quot;sizes&quot;:[]}}\" data-widget_type=\"wd_accordion.default\">\n\t\t\t\t<div class=\"elementor-widget-container\">\n\t\t\t\t\t\n\t\t<div class=\"wd-accordion wd-style-default wd-border-off wd-titles-left wd-opener-pos-right wd-opener-style-plus\" data-state=\"all_closed\">\n\t\t\t\t\t\t\t\n\t\t\t\t<div class=\"wd-accordion-item\">\n\t\t\t\t\t<div class=\"wd-accordion-title wd-role-btn\" data-accordion-index=\"0\" tabindex=\"0\">\n\t\t\t\t\t\t<div class=\"wd-accordion-title-text\">\n\t\t\t\t\t\t\t\t\t\t\t\t\t\t<span>\n\t\t\t\t\t\t\t\t1 gram safran ne kadar s\u00fcre kullan\u0131labilir, bereketli midir?\t\t\t\t\t\t\t<\/span>\n\t\t\t\t\t\t<\/div>\n\t\t\t\t\t\t<span class=\"wd-accordion-opener\"><\/span>\n\t\t\t\t\t<\/div>\n\n\t\t\t\t\t<div class=\"wd-accordion-content wd-entry-content\" data-accordion-index=\"0\">\n\t\t\t\t\t\t\t\t\t\t\t\t\t\n\t\t\t\t\t\t\t<p data-path-to-node=\"9\">1 gram S\u00fcper Negin safran, y\u00fcksek safl\u0131k derecesi sayesinde son derece bereketlidir. Standart bir porsiyon yemek (\u00f6rne\u011fin pilav veya \u00e7orba) veya bir demlik safran \u00e7ay\u0131 i\u00e7in sadece <b data-path-to-node=\"9\" data-index-in-node=\"187\">3 ila 5 adet iplik<\/b> kullanman\u0131z yeterlidir. Bu oranla 1 gram safran, kullan\u0131m s\u0131kl\u0131\u011f\u0131n\u0131za ba\u011fl\u0131 olarak ortalama 60 ila 75 porsiyonluk bir gastronomi deneyimi sunar ve ev kullan\u0131mlar\u0131nda aylarca tazeli\u011fini korur.<\/p>\n\t\t\t\t\t\t\t\t\t\t\t\t\t\t\t\t\t\t<\/div>\n\t\t\t\t<\/div>\n\t\t\t\t\t<\/div>\n\t\t\t\t\t\t<\/div>\n\t\t\t\t<\/div>\n\t\t\t\t<div class=\"elementor-element elementor-element-2d36ca3 e-transform elementor-widget elementor-widget-wd_accordion\" data-id=\"2d36ca3\" data-element_type=\"widget\" data-e-type=\"widget\" data-settings=\"{&quot;_transform_translateY_effect_hover&quot;:{&quot;unit&quot;:&quot;px&quot;,&quot;size&quot;:-5,&quot;sizes&quot;:[]},&quot;_transform_translateX_effect_hover&quot;:{&quot;unit&quot;:&quot;px&quot;,&quot;size&quot;:&quot;&quot;,&quot;sizes&quot;:[]},&quot;_transform_translateX_effect_hover_tablet&quot;:{&quot;unit&quot;:&quot;px&quot;,&quot;size&quot;:&quot;&quot;,&quot;sizes&quot;:[]},&quot;_transform_translateX_effect_hover_mobile&quot;:{&quot;unit&quot;:&quot;px&quot;,&quot;size&quot;:&quot;&quot;,&quot;sizes&quot;:[]},&quot;_transform_translateY_effect_hover_tablet&quot;:{&quot;unit&quot;:&quot;px&quot;,&quot;size&quot;:&quot;&quot;,&quot;sizes&quot;:[]},&quot;_transform_translateY_effect_hover_mobile&quot;:{&quot;unit&quot;:&quot;px&quot;,&quot;size&quot;:&quot;&quot;,&quot;sizes&quot;:[]}}\" data-widget_type=\"wd_accordion.default\">\n\t\t\t\t<div class=\"elementor-widget-container\">\n\t\t\t\t\t\n\t\t<div class=\"wd-accordion wd-style-default wd-border-off wd-titles-left wd-opener-pos-right wd-opener-style-plus\" data-state=\"all_closed\">\n\t\t\t\t\t\t\t\n\t\t\t\t<div class=\"wd-accordion-item\">\n\t\t\t\t\t<div class=\"wd-accordion-title wd-role-btn\" data-accordion-index=\"0\" tabindex=\"0\">\n\t\t\t\t\t\t<div class=\"wd-accordion-title-text\">\n\t\t\t\t\t\t\t\t\t\t\t\t\t\t<span>\n\t\t\t\t\t\t\t\tPiyasada \u00e7ok daha ucuza safran sat\u0131l\u0131yor, aradaki fark nedir?\t\t\t\t\t\t\t<\/span>\n\t\t\t\t\t\t<\/div>\n\t\t\t\t\t\t<span class=\"wd-accordion-opener\"><\/span>\n\t\t\t\t\t<\/div>\n\n\t\t\t\t\t<div class=\"wd-accordion-content wd-entry-content\" data-accordion-index=\"0\">\n\t\t\t\t\t\t\t\t\t\t\t\t\t\n\t\t\t\t\t\t\t<p data-path-to-node=\"4\">Ger\u00e7ek, %100 do\u011fal ve S\u00fcper Negin kalitesindeki bir safran\u0131n, zahmetli el hasad\u0131 nedeniyle d\u00fcnya \u00e7ap\u0131nda belli bir taban maliyeti vard\u0131r. Piyasada ger\u00e7ek d\u0131\u015f\u0131 ucuzlukta sat\u0131lan \u00fcr\u00fcnlerin b\u00fcy\u00fck \u00e7o\u011funlu\u011fu aspir \u00e7i\u00e7e\u011fi (yalanc\u0131 safran), m\u0131s\u0131r p\u00fcsk\u00fcl\u00fc veya g\u0131da boyas\u0131yla renklendirilmi\u015f sahte \u00fcr\u00fcnlerdir. Bizim fiyatland\u0131rmam\u0131z; hi\u00e7bir arac\u0131 olmadan, do\u011frudan Erbaa'daki tarlalar\u0131m\u0131zdan ISO 3632 laboratuvar standartlar\u0131nda, birinci s\u0131n\u0131f ve saf bir \u00fcr\u00fcn ald\u0131\u011f\u0131n\u0131z\u0131n en b\u00fcy\u00fck teminat\u0131d\u0131r.<\/p>\n\t\t\t\t\t\t\t\t\t\t\t\t\t\t\t\t\t\t<\/div>\n\t\t\t\t<\/div>\n\t\t\t\t\t<\/div>\n\t\t\t\t\t\t<\/div>\n\t\t\t\t<\/div>\n\t\t\t\t<div class=\"elementor-element elementor-element-5ef6250 e-transform elementor-widget elementor-widget-wd_accordion\" data-id=\"5ef6250\" data-element_type=\"widget\" data-e-type=\"widget\" data-settings=\"{&quot;_transform_translateY_effect_hover&quot;:{&quot;unit&quot;:&quot;px&quot;,&quot;size&quot;:-5,&quot;sizes&quot;:[]},&quot;_transform_translateX_effect_hover&quot;:{&quot;unit&quot;:&quot;px&quot;,&quot;size&quot;:&quot;&quot;,&quot;sizes&quot;:[]},&quot;_transform_translateX_effect_hover_tablet&quot;:{&quot;unit&quot;:&quot;px&quot;,&quot;size&quot;:&quot;&quot;,&quot;sizes&quot;:[]},&quot;_transform_translateX_effect_hover_mobile&quot;:{&quot;unit&quot;:&quot;px&quot;,&quot;size&quot;:&quot;&quot;,&quot;sizes&quot;:[]},&quot;_transform_translateY_effect_hover_tablet&quot;:{&quot;unit&quot;:&quot;px&quot;,&quot;size&quot;:&quot;&quot;,&quot;sizes&quot;:[]},&quot;_transform_translateY_effect_hover_mobile&quot;:{&quot;unit&quot;:&quot;px&quot;,&quot;size&quot;:&quot;&quot;,&quot;sizes&quot;:[]}}\" data-widget_type=\"wd_accordion.default\">\n\t\t\t\t<div class=\"elementor-widget-container\">\n\t\t\t\t\t\n\t\t<div class=\"wd-accordion wd-style-default wd-border-off wd-titles-left wd-opener-pos-right wd-opener-style-plus\" data-state=\"all_closed\">\n\t\t\t\t\t\t\t\n\t\t\t\t<div class=\"wd-accordion-item\">\n\t\t\t\t\t<div class=\"wd-accordion-title wd-role-btn\" data-accordion-index=\"0\" tabindex=\"0\">\n\t\t\t\t\t\t<div class=\"wd-accordion-title-text\">\n\t\t\t\t\t\t\t\t\t\t\t\t\t\t<span>\n\t\t\t\t\t\t\t\tSafran\u0131n bir son kullanma tarihi var m\u0131d\u0131r? Zamanla etkisini yitirir mi?\t\t\t\t\t\t\t<\/span>\n\t\t\t\t\t\t<\/div>\n\t\t\t\t\t\t<span class=\"wd-accordion-opener\"><\/span>\n\t\t\t\t\t<\/div>\n\n\t\t\t\t\t<div class=\"wd-accordion-content wd-entry-content\" data-accordion-index=\"0\">\n\t\t\t\t\t\t\t\t\t\t\t\t\t\n\t\t\t\t\t\t\t<p data-path-to-node=\"6\">Do\u011fru ko\u015fullarda (\u0131\u015f\u0131k, \u0131s\u0131 ve nemden uzakta) sakland\u0131\u011f\u0131nda ger\u00e7ek safran kolay kolay bozulmaz veya \u00e7\u00fcr\u00fcmez. Ancak yap\u0131s\u0131ndaki de\u011ferli u\u00e7ucu ya\u011flar ve aroma zamanla yava\u015f\u00e7a azalabilir. \u00dcr\u00fcnlerimiz her zaman en son hasad\u0131n mahsul\u00fcd\u00fcr. K\u0131rm\u0131z\u0131 alt\u0131n\u0131n o ba\u015f d\u00f6nd\u00fcr\u00fcc\u00fc aromas\u0131n\u0131 en zirvede deneyimlemek i\u00e7in, \u00fcr\u00fcn\u00fcm\u00fcz\u00fc sat\u0131n ald\u0131ktan sonraki 2 ila 3 y\u0131l i\u00e7erisinde t\u00fcketmenizi tavsiye ederiz.<\/p>\n\t\t\t\t\t\t\t\t\t\t\t\t\t\t\t\t\t\t<\/div>\n\t\t\t\t<\/div>\n\t\t\t\t\t<\/div>\n\t\t\t\t\t\t<\/div>\n\t\t\t\t<\/div>\n\t\t\t\t<div class=\"elementor-element elementor-element-98ddde3 e-transform elementor-widget elementor-widget-wd_accordion\" data-id=\"98ddde3\" data-element_type=\"widget\" data-e-type=\"widget\" data-settings=\"{&quot;_transform_translateY_effect_hover&quot;:{&quot;unit&quot;:&quot;px&quot;,&quot;size&quot;:-5,&quot;sizes&quot;:[]},&quot;_transform_translateX_effect_hover&quot;:{&quot;unit&quot;:&quot;px&quot;,&quot;size&quot;:&quot;&quot;,&quot;sizes&quot;:[]},&quot;_transform_translateX_effect_hover_tablet&quot;:{&quot;unit&quot;:&quot;px&quot;,&quot;size&quot;:&quot;&quot;,&quot;sizes&quot;:[]},&quot;_transform_translateX_effect_hover_mobile&quot;:{&quot;unit&quot;:&quot;px&quot;,&quot;size&quot;:&quot;&quot;,&quot;sizes&quot;:[]},&quot;_transform_translateY_effect_hover_tablet&quot;:{&quot;unit&quot;:&quot;px&quot;,&quot;size&quot;:&quot;&quot;,&quot;sizes&quot;:[]},&quot;_transform_translateY_effect_hover_mobile&quot;:{&quot;unit&quot;:&quot;px&quot;,&quot;size&quot;:&quot;&quot;,&quot;sizes&quot;:[]}}\" data-widget_type=\"wd_accordion.default\">\n\t\t\t\t<div class=\"elementor-widget-container\">\n\t\t\t\t\t\n\t\t<div class=\"wd-accordion wd-style-default wd-border-off wd-titles-left wd-opener-pos-right wd-opener-style-plus\" data-state=\"all_closed\">\n\t\t\t\t\t\t\t\n\t\t\t\t<div class=\"wd-accordion-item\">\n\t\t\t\t\t<div class=\"wd-accordion-title wd-role-btn\" data-accordion-index=\"0\" tabindex=\"0\">\n\t\t\t\t\t\t<div class=\"wd-accordion-title-text\">\n\t\t\t\t\t\t\t\t\t\t\t\t\t\t<span>\n\t\t\t\t\t\t\t\tG\u00fcnl\u00fck safran t\u00fcketiminin bir s\u0131n\u0131r\u0131 var m\u0131d\u0131r?\t\t\t\t\t\t\t<\/span>\n\t\t\t\t\t\t<\/div>\n\t\t\t\t\t\t<span class=\"wd-accordion-opener\"><\/span>\n\t\t\t\t\t<\/div>\n\n\t\t\t\t\t<div class=\"wd-accordion-content wd-entry-content\" data-accordion-index=\"0\">\n\t\t\t\t\t\t\t\t\t\t\t\t\t\n\t\t\t\t\t\t\t<p data-path-to-node=\"8\">Evet, her g\u00fc\u00e7l\u00fc ve konsantre do\u011fal \u00fcr\u00fcnde oldu\u011fu gibi safran\u0131n da ideal bir dozaj\u0131 vard\u0131r. Bir yeti\u015fkin i\u00e7in g\u00fcnl\u00fck g\u00fcvenli ve faydal\u0131 t\u00fcketim miktar\u0131 ortalama 30 ila 50 miligramd\u0131r (yakla\u015f\u0131k 10-15 iplik). Bu miktar yemeklerinizi veya \u00e7ay\u0131n\u0131z\u0131 lezzetlendirmek i\u00e7in fazlas\u0131yla yeterlidir. <i data-path-to-node=\"8\" data-index-in-node=\"295\">Not: Hamilelik d\u00f6nemindeki kad\u0131nlar\u0131n safran veya safranl\u0131 \u00fcr\u00fcnler t\u00fcketmeden \u00f6nce mutlaka hekimlerine dan\u0131\u015fmalar\u0131 gerekmektedir.<\/i><\/p>\n\t\t\t\t\t\t\t\t\t\t\t\t\t\t\t\t\t\t<\/div>\n\t\t\t\t<\/div>\n\t\t\t\t\t<\/div>\n\t\t\t\t\t\t<\/div>\n\t\t\t\t<\/div>\n\t\t\t\t<div class=\"elementor-element elementor-element-6766c0e e-transform elementor-widget elementor-widget-wd_accordion\" data-id=\"6766c0e\" data-element_type=\"widget\" data-e-type=\"widget\" data-settings=\"{&quot;_transform_translateY_effect_hover&quot;:{&quot;unit&quot;:&quot;px&quot;,&quot;size&quot;:-5,&quot;sizes&quot;:[]},&quot;_transform_translateX_effect_hover&quot;:{&quot;unit&quot;:&quot;px&quot;,&quot;size&quot;:&quot;&quot;,&quot;sizes&quot;:[]},&quot;_transform_translateX_effect_hover_tablet&quot;:{&quot;unit&quot;:&quot;px&quot;,&quot;size&quot;:&quot;&quot;,&quot;sizes&quot;:[]},&quot;_transform_translateX_effect_hover_mobile&quot;:{&quot;unit&quot;:&quot;px&quot;,&quot;size&quot;:&quot;&quot;,&quot;sizes&quot;:[]},&quot;_transform_translateY_effect_hover_tablet&quot;:{&quot;unit&quot;:&quot;px&quot;,&quot;size&quot;:&quot;&quot;,&quot;sizes&quot;:[]},&quot;_transform_translateY_effect_hover_mobile&quot;:{&quot;unit&quot;:&quot;px&quot;,&quot;size&quot;:&quot;&quot;,&quot;sizes&quot;:[]}}\" data-widget_type=\"wd_accordion.default\">\n\t\t\t\t<div class=\"elementor-widget-container\">\n\t\t\t\t\t\n\t\t<div class=\"wd-accordion wd-style-default wd-border-off wd-titles-left wd-opener-pos-right wd-opener-style-plus\" data-state=\"all_closed\">\n\t\t\t\t\t\t\t\n\t\t\t\t<div class=\"wd-accordion-item\">\n\t\t\t\t\t<div class=\"wd-accordion-title wd-role-btn\" data-accordion-index=\"0\" tabindex=\"0\">\n\t\t\t\t\t\t<div class=\"wd-accordion-title-text\">\n\t\t\t\t\t\t\t\t\t\t\t\t\t\t<span>\n\t\t\t\t\t\t\t\t\u015ei\u015fenin i\u00e7indeki ipliklerin boylar\u0131 ve kal\u0131nl\u0131klar\u0131 neden ufak farkl\u0131l\u0131klar g\u00f6steriyor?\t\t\t\t\t\t\t<\/span>\n\t\t\t\t\t\t<\/div>\n\t\t\t\t\t\t<span class=\"wd-accordion-opener\"><\/span>\n\t\t\t\t\t<\/div>\n\n\t\t\t\t\t<div class=\"wd-accordion-content wd-entry-content\" data-accordion-index=\"0\">\n\t\t\t\t\t\t\t\t\t\t\t\t\t\n\t\t\t\t\t\t\t<p data-path-to-node=\"10\">Bu durum, \u00fcr\u00fcn\u00fcm\u00fcz\u00fcn fabrikasyon veya sentetik bir boya olmad\u0131\u011f\u0131n\u0131n, %100 do\u011fal bir tar\u0131m \u00fcr\u00fcn\u00fc oldu\u011funun en g\u00fczel kan\u0131t\u0131d\u0131r. T\u0131pk\u0131 bir a\u011fa\u00e7taki yapraklar\u0131n birbirinin birebir kopyas\u0131 olmamas\u0131 gibi, <i data-path-to-node=\"10\" data-index-in-node=\"206\">Crocus Sativus L.<\/i> \u00e7i\u00e7eklerinin i\u00e7indeki tepecikler de do\u011fal yap\u0131lar\u0131na ba\u011fl\u0131 olarak ufak farkl\u0131l\u0131klar g\u00f6sterebilir. Ancak cam \u015fi\u015felerimize giren her bir iplik, kesinlikle renksiz k\u00f6k i\u00e7ermeyen \"S\u00fcper Negin\" s\u0131n\u0131f\u0131 standartlar\u0131na g\u00f6re tek tek se\u00e7ilmi\u015ftir.<\/p>\n\t\t\t\t\t\t\t\t\t\t\t\t\t\t\t\t\t\t<\/div>\n\t\t\t\t<\/div>\n\t\t\t\t\t<\/div>\n\t\t\t\t\t\t<\/div>\n\t\t\t\t<\/div>\n\t\t\t\t<div class=\"elementor-element elementor-element-6fe010d e-transform elementor-widget elementor-widget-wd_accordion\" data-id=\"6fe010d\" data-element_type=\"widget\" data-e-type=\"widget\" data-settings=\"{&quot;_transform_translateY_effect_hover&quot;:{&quot;unit&quot;:&quot;px&quot;,&quot;size&quot;:-5,&quot;sizes&quot;:[]},&quot;_transform_translateX_effect_hover&quot;:{&quot;unit&quot;:&quot;px&quot;,&quot;size&quot;:&quot;&quot;,&quot;sizes&quot;:[]},&quot;_transform_translateX_effect_hover_tablet&quot;:{&quot;unit&quot;:&quot;px&quot;,&quot;size&quot;:&quot;&quot;,&quot;sizes&quot;:[]},&quot;_transform_translateX_effect_hover_mobile&quot;:{&quot;unit&quot;:&quot;px&quot;,&quot;size&quot;:&quot;&quot;,&quot;sizes&quot;:[]},&quot;_transform_translateY_effect_hover_tablet&quot;:{&quot;unit&quot;:&quot;px&quot;,&quot;size&quot;:&quot;&quot;,&quot;sizes&quot;:[]},&quot;_transform_translateY_effect_hover_mobile&quot;:{&quot;unit&quot;:&quot;px&quot;,&quot;size&quot;:&quot;&quot;,&quot;sizes&quot;:[]}}\" data-widget_type=\"wd_accordion.default\">\n\t\t\t\t<div class=\"elementor-widget-container\">\n\t\t\t\t\t\n\t\t<div class=\"wd-accordion wd-style-default wd-border-off wd-titles-left wd-opener-pos-right wd-opener-style-plus\" data-state=\"all_closed\">\n\t\t\t\t\t\t\t\n\t\t\t\t<div class=\"wd-accordion-item\">\n\t\t\t\t\t<div class=\"wd-accordion-title wd-role-btn\" data-accordion-index=\"0\" tabindex=\"0\">\n\t\t\t\t\t\t<div class=\"wd-accordion-title-text\">\n\t\t\t\t\t\t\t\t\t\t\t\t\t\t<span>\n\t\t\t\t\t\t\t\tRestoranlar veya \u015fefler i\u00e7in kurumsal tedarik ve standart kalite sa\u011fl\u0131yor musunuz?\t\t\t\t\t\t\t<\/span>\n\t\t\t\t\t\t<\/div>\n\t\t\t\t\t\t<span class=\"wd-accordion-opener\"><\/span>\n\t\t\t\t\t<\/div>\n\n\t\t\t\t\t<div class=\"wd-accordion-content wd-entry-content\" data-accordion-index=\"0\">\n\t\t\t\t\t\t\t\t\t\t\t\t\t\n\t\t\t\t\t\t\t<p data-path-to-node=\"12\">Evet, butik \u015feflerden prestijli restoran zincirlerine kadar bir\u00e7ok gastronomi profesyonelinin mutfa\u011f\u0131na ula\u015f\u0131yoruz. L\u00fcks mutfaklarda re\u00e7ete standard\u0131 \u00e7ok \u00f6nemlidir; bu nedenle \u00fcretim s\u00fcrecimizde her hasat d\u00f6neminde ayn\u0131 y\u00fcksek Krosin (renk) ve Safranal (aroma) de\u011ferlerini korumaya \u00f6zen g\u00f6steriyoruz. Bu sayede tabaklar\u0131n\u0131zda her zaman ayn\u0131 kaliteyi ve prestiji misafirlerinize sunabilirsiniz.<\/p>\n\t\t\t\t\t\t\t\t\t\t\t\t\t\t\t\t\t\t<\/div>\n\t\t\t\t<\/div>\n\t\t\t\t\t<\/div>\n\t\t\t\t\t\t<\/div>\n\t\t\t\t<\/div>\n\t\t\t\t<div class=\"elementor-element elementor-element-881b1ca e-transform elementor-widget elementor-widget-wd_accordion\" data-id=\"881b1ca\" data-element_type=\"widget\" data-e-type=\"widget\" data-settings=\"{&quot;_transform_translateY_effect_hover&quot;:{&quot;unit&quot;:&quot;px&quot;,&quot;size&quot;:-5,&quot;sizes&quot;:[]},&quot;_transform_translateX_effect_hover&quot;:{&quot;unit&quot;:&quot;px&quot;,&quot;size&quot;:&quot;&quot;,&quot;sizes&quot;:[]},&quot;_transform_translateX_effect_hover_tablet&quot;:{&quot;unit&quot;:&quot;px&quot;,&quot;size&quot;:&quot;&quot;,&quot;sizes&quot;:[]},&quot;_transform_translateX_effect_hover_mobile&quot;:{&quot;unit&quot;:&quot;px&quot;,&quot;size&quot;:&quot;&quot;,&quot;sizes&quot;:[]},&quot;_transform_translateY_effect_hover_tablet&quot;:{&quot;unit&quot;:&quot;px&quot;,&quot;size&quot;:&quot;&quot;,&quot;sizes&quot;:[]},&quot;_transform_translateY_effect_hover_mobile&quot;:{&quot;unit&quot;:&quot;px&quot;,&quot;size&quot;:&quot;&quot;,&quot;sizes&quot;:[]}}\" data-widget_type=\"wd_accordion.default\">\n\t\t\t\t<div class=\"elementor-widget-container\">\n\t\t\t\t\t\n\t\t<div class=\"wd-accordion wd-style-default wd-border-off wd-titles-left wd-opener-pos-right wd-opener-style-plus\" data-state=\"all_closed\">\n\t\t\t\t\t\t\t\n\t\t\t\t<div class=\"wd-accordion-item\">\n\t\t\t\t\t<div class=\"wd-accordion-title wd-role-btn\" data-accordion-index=\"0\" tabindex=\"0\">\n\t\t\t\t\t\t<div class=\"wd-accordion-title-text\">\n\t\t\t\t\t\t\t\t\t\t\t\t\t\t<span>\n\t\t\t\t\t\t\t\tSafran\u0131 iplik (tel) olarak m\u0131 yoksa haz\u0131r toz halinde mi sat\u0131n almal\u0131y\u0131m?\t\t\t\t\t\t\t<\/span>\n\t\t\t\t\t\t<\/div>\n\t\t\t\t\t\t<span class=\"wd-accordion-opener\"><\/span>\n\t\t\t\t\t<\/div>\n\n\t\t\t\t\t<div class=\"wd-accordion-content wd-entry-content\" data-accordion-index=\"0\">\n\t\t\t\t\t\t\t\t\t\t\t\t\t\n\t\t\t\t\t\t\t<p data-path-to-node=\"3\">Kesinlikle iplik (b\u00fct\u00fcn) formunda sat\u0131n almal\u0131s\u0131n\u0131z. Haz\u0131r toz safran, hileye ve ta\u011f\u015fi\u015fe (i\u00e7ine zerde\u00e7al, aspir veya sentetik g\u0131da boyas\u0131 kar\u0131\u015ft\u0131r\u0131lmas\u0131na) en a\u00e7\u0131k formdur. Toz halindeki bir \u00fcr\u00fcn\u00fcn kalitesini g\u00f6zle anlamak imkans\u0131zd\u0131r. Biz Erbaa Safran olarak \u015feffafl\u0131k ilkemiz gere\u011fi \u00fcr\u00fcnlerimizi sadece b\u00fct\u00fcn S\u00fcper Negin iplikleri formunda sunuyoruz. \u0130htiyac\u0131n\u0131z oldu\u011funda bu iplikleri kendiniz havanda ezerek en saf haliyle kullanabilirsiniz.<\/p>\n\t\t\t\t\t\t\t\t\t\t\t\t\t\t\t\t\t\t<\/div>\n\t\t\t\t<\/div>\n\t\t\t\t\t<\/div>\n\t\t\t\t\t\t<\/div>\n\t\t\t\t<\/div>\n\t\t\t\t<div class=\"elementor-element elementor-element-949be6c e-transform elementor-widget elementor-widget-wd_accordion\" data-id=\"949be6c\" data-element_type=\"widget\" data-e-type=\"widget\" data-settings=\"{&quot;_transform_translateY_effect_hover&quot;:{&quot;unit&quot;:&quot;px&quot;,&quot;size&quot;:-5,&quot;sizes&quot;:[]},&quot;_transform_translateX_effect_hover&quot;:{&quot;unit&quot;:&quot;px&quot;,&quot;size&quot;:&quot;&quot;,&quot;sizes&quot;:[]},&quot;_transform_translateX_effect_hover_tablet&quot;:{&quot;unit&quot;:&quot;px&quot;,&quot;size&quot;:&quot;&quot;,&quot;sizes&quot;:[]},&quot;_transform_translateX_effect_hover_mobile&quot;:{&quot;unit&quot;:&quot;px&quot;,&quot;size&quot;:&quot;&quot;,&quot;sizes&quot;:[]},&quot;_transform_translateY_effect_hover_tablet&quot;:{&quot;unit&quot;:&quot;px&quot;,&quot;size&quot;:&quot;&quot;,&quot;sizes&quot;:[]},&quot;_transform_translateY_effect_hover_mobile&quot;:{&quot;unit&quot;:&quot;px&quot;,&quot;size&quot;:&quot;&quot;,&quot;sizes&quot;:[]}}\" data-widget_type=\"wd_accordion.default\">\n\t\t\t\t<div class=\"elementor-widget-container\">\n\t\t\t\t\t\n\t\t<div class=\"wd-accordion wd-style-default wd-border-off wd-titles-left wd-opener-pos-right wd-opener-style-plus\" data-state=\"all_closed\">\n\t\t\t\t\t\t\t\n\t\t\t\t<div class=\"wd-accordion-item\">\n\t\t\t\t\t<div class=\"wd-accordion-title wd-role-btn\" data-accordion-index=\"0\" tabindex=\"0\">\n\t\t\t\t\t\t<div class=\"wd-accordion-title-text\">\n\t\t\t\t\t\t\t\t\t\t\t\t\t\t<span>\n\t\t\t\t\t\t\t\t\u0130ran veya \u0130spanyol safranlar\u0131ndan fark\u0131n\u0131z nedir? Neden Erbaa Safran\u0131?\t\t\t\t\t\t\t<\/span>\n\t\t\t\t\t\t<\/div>\n\t\t\t\t\t\t<span class=\"wd-accordion-opener\"><\/span>\n\t\t\t\t\t<\/div>\n\n\t\t\t\t\t<div class=\"wd-accordion-content wd-entry-content\" data-accordion-index=\"0\">\n\t\t\t\t\t\t\t\t\t\t\t\t\t\n\t\t\t\t\t\t\t<p data-path-to-node=\"5\">\u0130ran ve \u0130spanya d\u00fcnyada y\u00fcksek hacimli \u00fcretim yapsa da, T\u00fcrkiye'ye ithal edilen \u00fcr\u00fcnlerin hasat y\u0131l\u0131, bekleme s\u00fcresi ve laboratuvar analizleri genellikle belirsizdir. Uzun transit s\u00fcreleri \u00fcr\u00fcn\u00fcn aromas\u0131n\u0131 kaybetmesine neden olabilir. Erbaa Safran\u0131 ise Anadolu'nun \u00f6zel mikroklimas\u0131nda yeti\u015fir ve arac\u0131 firmalar olmadan, en taze hasat d\u00f6neminden do\u011frudan size ula\u015f\u0131r. Bu sayede ISO 3632 Kategori 1 standartlar\u0131ndaki taptaze ve g\u00fcvenilir bir \u00fcr\u00fcne \u00e7ok daha taze \u015fekilde sahip olursunuz.<\/p>\n\t\t\t\t\t\t\t\t\t\t\t\t\t\t\t\t\t\t<\/div>\n\t\t\t\t<\/div>\n\t\t\t\t\t<\/div>\n\t\t\t\t\t\t<\/div>\n\t\t\t\t<\/div>\n\t\t\t\t<div class=\"elementor-element elementor-element-c983ca4 e-transform elementor-widget elementor-widget-wd_accordion\" data-id=\"c983ca4\" data-element_type=\"widget\" data-e-type=\"widget\" data-settings=\"{&quot;_transform_translateY_effect_hover&quot;:{&quot;unit&quot;:&quot;px&quot;,&quot;size&quot;:-5,&quot;sizes&quot;:[]},&quot;_transform_translateX_effect_hover&quot;:{&quot;unit&quot;:&quot;px&quot;,&quot;size&quot;:&quot;&quot;,&quot;sizes&quot;:[]},&quot;_transform_translateX_effect_hover_tablet&quot;:{&quot;unit&quot;:&quot;px&quot;,&quot;size&quot;:&quot;&quot;,&quot;sizes&quot;:[]},&quot;_transform_translateX_effect_hover_mobile&quot;:{&quot;unit&quot;:&quot;px&quot;,&quot;size&quot;:&quot;&quot;,&quot;sizes&quot;:[]},&quot;_transform_translateY_effect_hover_tablet&quot;:{&quot;unit&quot;:&quot;px&quot;,&quot;size&quot;:&quot;&quot;,&quot;sizes&quot;:[]},&quot;_transform_translateY_effect_hover_mobile&quot;:{&quot;unit&quot;:&quot;px&quot;,&quot;size&quot;:&quot;&quot;,&quot;sizes&quot;:[]}}\" data-widget_type=\"wd_accordion.default\">\n\t\t\t\t<div class=\"elementor-widget-container\">\n\t\t\t\t\t\n\t\t<div class=\"wd-accordion wd-style-default wd-border-off wd-titles-left wd-opener-pos-right wd-opener-style-plus\" data-state=\"all_closed\">\n\t\t\t\t\t\t\t\n\t\t\t\t<div class=\"wd-accordion-item\">\n\t\t\t\t\t<div class=\"wd-accordion-title wd-role-btn\" data-accordion-index=\"0\" tabindex=\"0\">\n\t\t\t\t\t\t<div class=\"wd-accordion-title-text\">\n\t\t\t\t\t\t\t\t\t\t\t\t\t\t<span>\n\t\t\t\t\t\t\t\tSafran\u0131 tereya\u011f\u0131 veya zeytinya\u011f\u0131nda do\u011frudan demleyebilir miyim?\t\t\t\t\t\t\t<\/span>\n\t\t\t\t\t\t<\/div>\n\t\t\t\t\t\t<span class=\"wd-accordion-opener\"><\/span>\n\t\t\t\t\t<\/div>\n\n\t\t\t\t\t<div class=\"wd-accordion-content wd-entry-content\" data-accordion-index=\"0\">\n\t\t\t\t\t\t\t\t\t\t\t\t\t\n\t\t\t\t\t\t\t<p data-path-to-node=\"7\">Hay\u0131r, safrana o e\u015fsiz alt\u0131n sar\u0131s\u0131 rengini veren \"Krosin\" maddesi su bazl\u0131 bir bile\u015fendir, ya\u011fda \u00e7\u00f6z\u00fcnmez. E\u011fer safranl\u0131 bir tereya\u011f\u0131, risotto veya zeytinya\u011fl\u0131 bir sos yapacaksan\u0131z, safran\u0131 \u00f6nce \u00e7ok az miktarda \u0131l\u0131k su veya buz ile demleyip (aktive edip) \u00f6z\u00fct\u00fcn\u00fc \u00e7\u0131karmal\u0131s\u0131n\u0131z. Elde etti\u011finiz bu s\u0131v\u0131 \u00f6z\u00fct\u00fc yeme\u011finize veya ya\u011f\u0131n\u0131za ekledi\u011finizde kusursuz bir sonu\u00e7 al\u0131rs\u0131n\u0131z.<\/p>\n\t\t\t\t\t\t\t\t\t\t\t\t\t\t\t\t\t\t<\/div>\n\t\t\t\t<\/div>\n\t\t\t\t\t<\/div>\n\t\t\t\t\t\t<\/div>\n\t\t\t\t<\/div>\n\t\t\t\t<div class=\"elementor-element elementor-element-b1a4847 e-transform elementor-widget elementor-widget-wd_accordion\" data-id=\"b1a4847\" data-element_type=\"widget\" data-e-type=\"widget\" data-settings=\"{&quot;_transform_translateY_effect_hover&quot;:{&quot;unit&quot;:&quot;px&quot;,&quot;size&quot;:-5,&quot;sizes&quot;:[]},&quot;_transform_translateX_effect_hover&quot;:{&quot;unit&quot;:&quot;px&quot;,&quot;size&quot;:&quot;&quot;,&quot;sizes&quot;:[]},&quot;_transform_translateX_effect_hover_tablet&quot;:{&quot;unit&quot;:&quot;px&quot;,&quot;size&quot;:&quot;&quot;,&quot;sizes&quot;:[]},&quot;_transform_translateX_effect_hover_mobile&quot;:{&quot;unit&quot;:&quot;px&quot;,&quot;size&quot;:&quot;&quot;,&quot;sizes&quot;:[]},&quot;_transform_translateY_effect_hover_tablet&quot;:{&quot;unit&quot;:&quot;px&quot;,&quot;size&quot;:&quot;&quot;,&quot;sizes&quot;:[]},&quot;_transform_translateY_effect_hover_mobile&quot;:{&quot;unit&quot;:&quot;px&quot;,&quot;size&quot;:&quot;&quot;,&quot;sizes&quot;:[]}}\" data-widget_type=\"wd_accordion.default\">\n\t\t\t\t<div class=\"elementor-widget-container\">\n\t\t\t\t\t\n\t\t<div class=\"wd-accordion wd-style-default wd-border-off wd-titles-left wd-opener-pos-right wd-opener-style-plus\" data-state=\"all_closed\">\n\t\t\t\t\t\t\t\n\t\t\t\t<div class=\"wd-accordion-item\">\n\t\t\t\t\t<div class=\"wd-accordion-title wd-role-btn\" data-accordion-index=\"0\" tabindex=\"0\">\n\t\t\t\t\t\t<div class=\"wd-accordion-title-text\">\n\t\t\t\t\t\t\t\t\t\t\t\t\t\t<span>\n\t\t\t\t\t\t\t\tSafran\u0131 havanda ezerken neden i\u00e7ine tuz veya \u015feker eklenmesi \u00f6neriliyor?\t\t\t\t\t\t\t<\/span>\n\t\t\t\t\t\t<\/div>\n\t\t\t\t\t\t<span class=\"wd-accordion-opener\"><\/span>\n\t\t\t\t\t<\/div>\n\n\t\t\t\t\t<div class=\"wd-accordion-content wd-entry-content\" data-accordion-index=\"0\">\n\t\t\t\t\t\t\t\t\t\t\t\t\t\n\t\t\t\t\t\t\t<p data-path-to-node=\"9\">Ger\u00e7ek S\u00fcper Negin safran iplikleri esnek ve nem dengesini koruyan lifli bir yap\u0131ya sahiptir, bu nedenle tek ba\u015flar\u0131na ezilmeleri biraz zordur. Havana ekleyece\u011finiz bir \u00e7imdik iri taneli kaya tuzu veya toz \u015feker, mikro bir z\u0131mpara (a\u015f\u0131nd\u0131r\u0131c\u0131) g\u00f6revi g\u00f6rerek safran\u0131n saniyeler i\u00e7inde incecik bir toza d\u00f6n\u00fc\u015fmesini sa\u011flar. Tatl\u0131 bir tarif yapacaksan\u0131z \u015feker, tuzlu bir yemek yapacaksan\u0131z tuz tercih edebilirsiniz.<\/p>\n\t\t\t\t\t\t\t\t\t\t\t\t\t\t\t\t\t\t<\/div>\n\t\t\t\t<\/div>\n\t\t\t\t\t<\/div>\n\t\t\t\t\t\t<\/div>\n\t\t\t\t<\/div>\n\t\t\t\t<div class=\"elementor-element elementor-element-a21bf08 e-transform elementor-widget elementor-widget-wd_accordion\" data-id=\"a21bf08\" data-element_type=\"widget\" data-e-type=\"widget\" data-settings=\"{&quot;_transform_translateY_effect_hover&quot;:{&quot;unit&quot;:&quot;px&quot;,&quot;size&quot;:-5,&quot;sizes&quot;:[]},&quot;_transform_translateX_effect_hover&quot;:{&quot;unit&quot;:&quot;px&quot;,&quot;size&quot;:&quot;&quot;,&quot;sizes&quot;:[]},&quot;_transform_translateX_effect_hover_tablet&quot;:{&quot;unit&quot;:&quot;px&quot;,&quot;size&quot;:&quot;&quot;,&quot;sizes&quot;:[]},&quot;_transform_translateX_effect_hover_mobile&quot;:{&quot;unit&quot;:&quot;px&quot;,&quot;size&quot;:&quot;&quot;,&quot;sizes&quot;:[]},&quot;_transform_translateY_effect_hover_tablet&quot;:{&quot;unit&quot;:&quot;px&quot;,&quot;size&quot;:&quot;&quot;,&quot;sizes&quot;:[]},&quot;_transform_translateY_effect_hover_mobile&quot;:{&quot;unit&quot;:&quot;px&quot;,&quot;size&quot;:&quot;&quot;,&quot;sizes&quot;:[]}}\" data-widget_type=\"wd_accordion.default\">\n\t\t\t\t<div class=\"elementor-widget-container\">\n\t\t\t\t\t\n\t\t<div class=\"wd-accordion wd-style-default wd-border-off wd-titles-left wd-opener-pos-right wd-opener-style-plus\" data-state=\"all_closed\">\n\t\t\t\t\t\t\t\n\t\t\t\t<div class=\"wd-accordion-item\">\n\t\t\t\t\t<div class=\"wd-accordion-title wd-role-btn\" data-accordion-index=\"0\" tabindex=\"0\">\n\t\t\t\t\t\t<div class=\"wd-accordion-title-text\">\n\t\t\t\t\t\t\t\t\t\t\t\t\t\t<span>\n\t\t\t\t\t\t\t\tHamileler, emziren anneler ve \u00e7ocuklar safran t\u00fcketebilir mi?\t\t\t\t\t\t\t<\/span>\n\t\t\t\t\t\t<\/div>\n\t\t\t\t\t\t<span class=\"wd-accordion-opener\"><\/span>\n\t\t\t\t\t<\/div>\n\n\t\t\t\t\t<div class=\"wd-accordion-content wd-entry-content\" data-accordion-index=\"0\">\n\t\t\t\t\t\t\t\t\t\t\t\t\t\n\t\t\t\t\t\t\t<p data-path-to-node=\"11\">Safran olduk\u00e7a g\u00fc\u00e7l\u00fc etken maddelere ve u\u00e7ucu ya\u011flara sahip bir bitkidir. T\u0131bbi literat\u00fcrde \u00f6zellikle hamileli\u011fin ilk aylar\u0131nda y\u00fcksek dozda safran t\u00fcketimi (rahim kaslar\u0131n\u0131 uyarabilece\u011fi i\u00e7in) \u00f6nerilmez. Hamilelerin, emziren annelerin ve kronik rahats\u0131zl\u0131\u011f\u0131 bulunan ki\u015filerin safran veya safranl\u0131 \u00fcr\u00fcnler t\u00fcketmeden \u00f6nce mutlaka kendi hekimlerine dan\u0131\u015fmalar\u0131 gerekmektedir. <i data-path-to-node=\"11\" data-index-in-node=\"382\">(Not: Yasal sorumluluktan kurtulmak i\u00e7in bu soru e-ticaret sitelerinde alt\u0131n de\u011ferindedir).<\/i><\/p>\n\t\t\t\t\t\t\t\t\t\t\t\t\t\t\t\t\t\t<\/div>\n\t\t\t\t<\/div>\n\t\t\t\t\t<\/div>\n\t\t\t\t\t\t<\/div>\n\t\t\t\t<\/div>\n\t\t\t\t<div class=\"elementor-element elementor-element-d2cef04 e-transform elementor-widget elementor-widget-wd_accordion\" data-id=\"d2cef04\" data-element_type=\"widget\" data-e-type=\"widget\" data-settings=\"{&quot;_transform_translateY_effect_hover&quot;:{&quot;unit&quot;:&quot;px&quot;,&quot;size&quot;:-5,&quot;sizes&quot;:[]},&quot;_transform_translateX_effect_hover&quot;:{&quot;unit&quot;:&quot;px&quot;,&quot;size&quot;:&quot;&quot;,&quot;sizes&quot;:[]},&quot;_transform_translateX_effect_hover_tablet&quot;:{&quot;unit&quot;:&quot;px&quot;,&quot;size&quot;:&quot;&quot;,&quot;sizes&quot;:[]},&quot;_transform_translateX_effect_hover_mobile&quot;:{&quot;unit&quot;:&quot;px&quot;,&quot;size&quot;:&quot;&quot;,&quot;sizes&quot;:[]},&quot;_transform_translateY_effect_hover_tablet&quot;:{&quot;unit&quot;:&quot;px&quot;,&quot;size&quot;:&quot;&quot;,&quot;sizes&quot;:[]},&quot;_transform_translateY_effect_hover_mobile&quot;:{&quot;unit&quot;:&quot;px&quot;,&quot;size&quot;:&quot;&quot;,&quot;sizes&quot;:[]}}\" data-widget_type=\"wd_accordion.default\">\n\t\t\t\t<div class=\"elementor-widget-container\">\n\t\t\t\t\t\n\t\t<div class=\"wd-accordion wd-style-default wd-border-off wd-titles-left wd-opener-pos-right wd-opener-style-plus\" data-state=\"all_closed\">\n\t\t\t\t\t\t\t\n\t\t\t\t<div class=\"wd-accordion-item\">\n\t\t\t\t\t<div class=\"wd-accordion-title wd-role-btn\" data-accordion-index=\"0\" tabindex=\"0\">\n\t\t\t\t\t\t<div class=\"wd-accordion-title-text\">\n\t\t\t\t\t\t\t\t\t\t\t\t\t\t<span>\n\t\t\t\t\t\t\t\tSafran\u0131 demledikten sonra kalan iplikleri (posay\u0131) atmal\u0131 m\u0131y\u0131m?\t\t\t\t\t\t\t<\/span>\n\t\t\t\t\t\t<\/div>\n\t\t\t\t\t\t<span class=\"wd-accordion-opener\"><\/span>\n\t\t\t\t\t<\/div>\n\n\t\t\t\t\t<div class=\"wd-accordion-content wd-entry-content\" data-accordion-index=\"0\">\n\t\t\t\t\t\t\t\t\t\t\t\t\t\n\t\t\t\t\t\t\t<p data-path-to-node=\"4\">Kesinlikle atmamal\u0131s\u0131n\u0131z. Safran\u0131 s\u0131cak su veya buz ile demleyip o e\u015fsiz alt\u0131n sar\u0131s\u0131 \u00f6z\u00fct\u00fcn\u00fc yeme\u011finize katt\u0131ktan sonra, geriye kalan k\u0131rm\u0131z\u0131ms\u0131 iplikler hala y\u00fcksek lif ve \u015fifa bar\u0131nd\u0131r\u0131r. Bu iplikleri de yeme\u011finizin (\u00f6rne\u011fin pilav\u0131n veya \u00e7orban\u0131n) i\u00e7ine do\u011frudan ekleyerek hem tabakta harika bir g\u00f6rsel \u015f\u00f6len yaratabilir hem de \u00fcr\u00fcn\u00fcn do\u011fall\u0131\u011f\u0131ndan sonuna kadar faydalanabilirsiniz.<\/p>\n\t\t\t\t\t\t\t\t\t\t\t\t\t\t\t\t\t\t<\/div>\n\t\t\t\t<\/div>\n\t\t\t\t\t<\/div>\n\t\t\t\t\t\t<\/div>\n\t\t\t\t<\/div>\n\t\t\t\t<div class=\"elementor-element elementor-element-d542fc6 e-transform elementor-widget elementor-widget-wd_accordion\" data-id=\"d542fc6\" data-element_type=\"widget\" data-e-type=\"widget\" data-settings=\"{&quot;_transform_translateY_effect_hover&quot;:{&quot;unit&quot;:&quot;px&quot;,&quot;size&quot;:-5,&quot;sizes&quot;:[]},&quot;_transform_translateX_effect_hover&quot;:{&quot;unit&quot;:&quot;px&quot;,&quot;size&quot;:&quot;&quot;,&quot;sizes&quot;:[]},&quot;_transform_translateX_effect_hover_tablet&quot;:{&quot;unit&quot;:&quot;px&quot;,&quot;size&quot;:&quot;&quot;,&quot;sizes&quot;:[]},&quot;_transform_translateX_effect_hover_mobile&quot;:{&quot;unit&quot;:&quot;px&quot;,&quot;size&quot;:&quot;&quot;,&quot;sizes&quot;:[]},&quot;_transform_translateY_effect_hover_tablet&quot;:{&quot;unit&quot;:&quot;px&quot;,&quot;size&quot;:&quot;&quot;,&quot;sizes&quot;:[]},&quot;_transform_translateY_effect_hover_mobile&quot;:{&quot;unit&quot;:&quot;px&quot;,&quot;size&quot;:&quot;&quot;,&quot;sizes&quot;:[]}}\" data-widget_type=\"wd_accordion.default\">\n\t\t\t\t<div class=\"elementor-widget-container\">\n\t\t\t\t\t\n\t\t<div class=\"wd-accordion wd-style-default wd-border-off wd-titles-left wd-opener-pos-right wd-opener-style-plus\" data-state=\"all_closed\">\n\t\t\t\t\t\t\t\n\t\t\t\t<div class=\"wd-accordion-item\">\n\t\t\t\t\t<div class=\"wd-accordion-title wd-role-btn\" data-accordion-index=\"0\" tabindex=\"0\">\n\t\t\t\t\t\t<div class=\"wd-accordion-title-text\">\n\t\t\t\t\t\t\t\t\t\t\t\t\t\t<span>\n\t\t\t\t\t\t\t\t\u00dcr\u00fcn\u00fcn kalitesinden emin olmak i\u00e7in laboratuvar analiz raporunuz var m\u0131?\t\t\t\t\t\t\t<\/span>\n\t\t\t\t\t\t<\/div>\n\t\t\t\t\t\t<span class=\"wd-accordion-opener\"><\/span>\n\t\t\t\t\t<\/div>\n\n\t\t\t\t\t<div class=\"wd-accordion-content wd-entry-content\" data-accordion-index=\"0\">\n\t\t\t\t\t\t\t\t\t\t\t\t\t\n\t\t\t\t\t\t\t<p data-path-to-node=\"8\">Elbette. Erbaa Safran olarak en b\u00fcy\u00fck gururumuz \u015feffafl\u0131\u011f\u0131m\u0131zd\u0131r. \u00dcr\u00fcnlerimiz her hasat d\u00f6neminde akredite laboratuvarlarda analiz edilir. Safran\u0131n kalitesini belirleyen Krosin (renk), Safranal (koku) ve Pikrokrosin (tat) de\u011ferlerimiz, d\u00fcnya standartlar\u0131n\u0131n en \u00fcst seviyesi olan \"ISO 3632 Kategori 1\" s\u0131n\u0131rlar\u0131n\u0131n \u00e7ok \u00fczerindedir. Talep eden kurumsal (B2B) ve bireysel m\u00fc\u015fterilerimizle g\u00fcncel analiz raporlar\u0131m\u0131z\u0131 memnuniyetle payla\u015f\u0131yoruz.<\/p>\n\t\t\t\t\t\t\t\t\t\t\t\t\t\t\t\t\t\t<\/div>\n\t\t\t\t<\/div>\n\t\t\t\t\t<\/div>\n\t\t\t\t\t\t<\/div>\n\t\t\t\t<\/div>\n\t\t\t\t<\/div>\n\t\t\t\t\t<\/div>\n\t\t\t\t<\/div>\n\t\t\t\t<\/div>","protected":false},"excerpt":{"rendered":"<h3><span style=\"color: #808080;\">%100 Do\u011fal ve Katk\u0131s\u0131z, S\u00fcper Negin Safran (Crocus Sativus L.)<\/span><\/h3>\n<p>D\u00fcnyan\u0131n en de\u011ferli baharat\u0131n\u0131n en saf ve g\u00fc\u00e7l\u00fc formuyla tan\u0131\u015f\u0131n. Sadece en uzun, en k\u0131rm\u0131z\u0131 ve aromas\u0131 en y\u00fcksek ipliklerin \u00f6zenle se\u00e7ildi\u011fi S\u00fcper Negin kalitesi. Erbaa&#8217;n\u0131n bereketli topraklar\u0131nda, tamamen do\u011fal y\u00f6ntemlerle yeti\u015ftirilen <i data-path-to-node=\"4,0,0\" data-index-in-node=\"253\">Crocus Sativus L.<\/i> \u00e7i\u00e7eklerinden elde edilmi\u015ftir. Yapay renklendirici veya koruyucu i\u00e7ermez.<\/p>","protected":false},"featured_media":29995,"comment_status":"open","ping_status":"closed","template":"","meta":[],"product_brand":[],"product_cat":[108,23],"product_tag":[],"class_list":{"0":"post-29985","1":"product","2":"type-product","3":"status-publish","4":"has-post-thumbnail","6":"product_cat-safran-baharati","7":"product_cat-tum-urunler","9":"first","10":"instock","11":"shipping-taxable","12":"purchasable","13":"product-type-variable"},"_links":{"self":[{"href":"https:\/\/erbaasafran.com\/en\/wp-json\/wp\/v2\/product\/29985","targetHints":{"allow":["GET"]}}],"collection":[{"href":"https:\/\/erbaasafran.com\/en\/wp-json\/wp\/v2\/product"}],"about":[{"href":"https:\/\/erbaasafran.com\/en\/wp-json\/wp\/v2\/types\/product"}],"replies":[{"embeddable":true,"href":"https:\/\/erbaasafran.com\/en\/wp-json\/wp\/v2\/comments?post=29985"}],"version-history":[{"count":17,"href":"https:\/\/erbaasafran.com\/en\/wp-json\/wp\/v2\/product\/29985\/revisions"}],"predecessor-version":[{"id":30139,"href":"https:\/\/erbaasafran.com\/en\/wp-json\/wp\/v2\/product\/29985\/revisions\/30139"}],"wp:featuredmedia":[{"embeddable":true,"href":"https:\/\/erbaasafran.com\/en\/wp-json\/wp\/v2\/media\/29995"}],"wp:attachment":[{"href":"https:\/\/erbaasafran.com\/en\/wp-json\/wp\/v2\/media?parent=29985"}],"wp:term":[{"taxonomy":"product_brand","embeddable":true,"href":"https:\/\/erbaasafran.com\/en\/wp-json\/wp\/v2\/product_brand?post=29985"},{"taxonomy":"product_cat","embeddable":true,"href":"https:\/\/erbaasafran.com\/en\/wp-json\/wp\/v2\/product_cat?post=29985"},{"taxonomy":"product_tag","embeddable":true,"href":"https:\/\/erbaasafran.com\/en\/wp-json\/wp\/v2\/product_tag?post=29985"}],"curies":[{"name":"wp","href":"https:\/\/api.w.org\/{rel}","templated":true}]}}